{"version":"1.0","provider_name":"Riclima","provider_url":"https:\/\/riclima.ch\/de\/","title":"R290-Einheit f\u00fcr Planzer in Balerna - Riclima","type":"rich","width":600,"height":338,"html":"<blockquote class=\"wp-embedded-content\" data-secret=\"vweV0WQtwf\"><a href=\"https:\/\/riclima.ch\/de\/r290-einheit-fuer-planzer-in-balerna\/\">R290-Einheit f\u00fcr Planzer in Balerna<\/a><\/blockquote><iframe sandbox=\"allow-scripts\" security=\"restricted\" src=\"https:\/\/riclima.ch\/de\/r290-einheit-fuer-planzer-in-balerna\/embed\/#?secret=vweV0WQtwf\" width=\"600\" height=\"338\" title=\"&#8222;R290-Einheit f\u00fcr Planzer in Balerna&#8220; &#8211; Riclima\" data-secret=\"vweV0WQtwf\" frameborder=\"0\" marginwidth=\"0\" marginheight=\"0\" scrolling=\"no\" class=\"wp-embedded-content\"><\/iframe><script>\n\/*! This file is auto-generated *\/\n!function(d,l){\"use strict\";l.querySelector&&d.addEventListener&&\"undefined\"!=typeof URL&&(d.wp=d.wp||{},d.wp.receiveEmbedMessage||(d.wp.receiveEmbedMessage=function(e){var t=e.data;if((t||t.secret||t.message||t.value)&&!\/[^a-zA-Z0-9]\/.test(t.secret)){for(var s,r,n,a=l.querySelectorAll('iframe[data-secret=\"'+t.secret+'\"]'),o=l.querySelectorAll('blockquote[data-secret=\"'+t.secret+'\"]'),c=new RegExp(\"^https?:$\",\"i\"),i=0;i<o.length;i++)o[i].style.display=\"none\";for(i=0;i<a.length;i++)s=a[i],e.source===s.contentWindow&&(s.removeAttribute(\"style\"),\"height\"===t.message?(1e3<(r=parseInt(t.value,10))?r=1e3:~~r<200&&(r=200),s.height=r):\"link\"===t.message&&(r=new URL(s.getAttribute(\"src\")),n=new URL(t.value),c.test(n.protocol))&&n.host===r.host&&l.activeElement===s&&(d.top.location.href=t.value))}},d.addEventListener(\"message\",d.wp.receiveEmbedMessage,!1),l.addEventListener(\"DOMContentLoaded\",function(){for(var e,t,s=l.querySelectorAll(\"iframe.wp-embedded-content\"),r=0;r<s.length;r++)(t=(e=s[r]).getAttribute(\"data-secret\"))||(t=Math.random().toString(36).substring(2,12),e.src+=\"#?secret=\"+t,e.setAttribute(\"data-secret\",t)),e.contentWindow.postMessage({message:\"ready\",secret:t},\"*\")},!1)))}(window,document);\n\/\/# sourceURL=https:\/\/riclima.ch\/wp-includes\/js\/wp-embed.min.js\n<\/script>\n","thumbnail_url":"https:\/\/riclima.ch\/wp-content\/uploads\/2020\/12\/Planzer-e1606904597555.jpg","thumbnail_width":1512,"thumbnail_height":2016,"description":"Der Trend zur Verwendung von Propan (ein nat\u00fcrliches K\u00e4ltemittel) macht sich auch im Kanton Tessin bemerkbar: Planzer hat sich k\u00fcrzlich f\u00fcr eine R290-W\u00e4rmepumpe f\u00fcr die Klimatisierung einer grossen Lagerhalle entschieden \u2013 eine der ersten Anlagen in unserem Kanton, die dieses K\u00e4ltemittel verwendet. Die Planung des Systems erfolgte durch das Ingenieurb\u00fcro Asmus und die Installation durch [&hellip;]"}