{"id":8217,"date":"2025-01-24T09:13:15","date_gmt":"2025-01-24T08:13:15","guid":{"rendered":"https:\/\/staging001.wp-ok.it\/?post_type=prodotto&#038;p=8217"},"modified":"2025-03-24T15:42:29","modified_gmt":"2025-03-24T14:42:29","slug":"pro-w-crah","status":"publish","type":"prodotto","link":"https:\/\/riclima.ch\/fr\/prodotto\/pro-w-crah\/","title":{"rendered":"Pro-W CRAH"},"content":{"rendered":"<p>Unit\u00e9s de traitement d&rsquo;air d&rsquo;une puissance de 200 \u00e0 700 kW, id\u00e9ales pour le refroidissement de grands syst\u00e8mes, de centres de donn\u00e9es et d&rsquo;autres installations critiques. Daikin Pro-W CRAH est con\u00e7u pour optimiser l&rsquo;indice PUE (\u00ab Power Usage Effectiveness \u00bb) ; int\u00e8gre des ventilateurs EC pour un flux d&rsquo;air optimis\u00e9 et une consommation r\u00e9duite. La conception permet une installation facile et le syst\u00e8me de contr\u00f4le intelligent am\u00e9liore les performances globales. Unit\u00e9 \u00e9quip\u00e9e de batteries \u00e0 eau et de composants de haute qualit\u00e9, garantit fiabilit\u00e9 et disponibilit\u00e9 constante, repr\u00e9sentant le choix id\u00e9al pour les centres de donn\u00e9es modernes, o\u00f9 l&rsquo;utilisation efficace de l&rsquo;\u00e9nergie est la cl\u00e9 du syst\u00e8me.<\/p>\n","protected":false},"featured_media":7966,"template":"","categoria-prodotto":[68,72],"class_list":["post-8217","prodotto","type-prodotto","status-publish","has-post-thumbnail","hentry","categoria-prodotto-unites-de-traitement-de-lair","categoria-prodotto-unites-de-traitement-de-lair-fr"],"acf":[],"yoast_head":"<!-- This site is optimized with the Yoast SEO plugin v27.4 - https:\/\/yoast.com\/product\/yoast-seo-wordpress\/ -->\n<title>Pro-W CRAH - Riclima<\/title>\n<meta name=\"robots\" content=\"index, follow, max-snippet:-1, max-image-preview:large, max-video-preview:-1\" \/>\n<link rel=\"canonical\" href=\"https:\/\/riclima.ch\/fr\/prodotto\/pro-w-crah\/\" \/>\n<meta property=\"og:locale\" content=\"fr_FR\" \/>\n<meta property=\"og:type\" content=\"article\" \/>\n<meta property=\"og:title\" content=\"Pro-W CRAH - Riclima\" \/>\n<meta property=\"og:description\" content=\"Unit\u00e9s de traitement d&rsquo;air d&rsquo;une puissance de 200 \u00e0 700 kW, id\u00e9ales pour le refroidissement de grands syst\u00e8mes, de centres de donn\u00e9es et d&rsquo;autres installations critiques. Daikin Pro-W CRAH est con\u00e7u pour optimiser l&rsquo;indice PUE (\u00ab Power Usage Effectiveness \u00bb) ; int\u00e8gre des ventilateurs EC pour un flux d&rsquo;air optimis\u00e9 et une consommation r\u00e9duite. La [&hellip;]\" \/>\n<meta property=\"og:url\" content=\"https:\/\/riclima.ch\/fr\/prodotto\/pro-w-crah\/\" \/>\n<meta property=\"og:site_name\" content=\"Riclima\" \/>\n<meta property=\"article:modified_time\" content=\"2025-03-24T14:42:29+00:00\" \/>\n<meta property=\"og:image\" content=\"https:\/\/riclima.ch\/wp-content\/uploads\/2025\/03\/DAIKIN-UTA-PRO-W-CRAH-1024x576.png\" \/>\n\t<meta property=\"og:image:width\" content=\"1024\" \/>\n\t<meta property=\"og:image:height\" content=\"576\" \/>\n\t<meta property=\"og:image:type\" content=\"image\/png\" \/>\n<script type=\"application\/ld+json\" class=\"yoast-schema-graph\">{\"@context\":\"https:\\\/\\\/schema.org\",\"@graph\":[{\"@type\":\"WebPage\",\"@id\":\"https:\\\/\\\/riclima.ch\\\/fr\\\/prodotto\\\/pro-w-crah\\\/\",\"url\":\"https:\\\/\\\/riclima.ch\\\/fr\\\/prodotto\\\/pro-w-crah\\\/\",\"name\":\"Pro-W CRAH - Riclima\",\"isPartOf\":{\"@id\":\"https:\\\/\\\/riclima.ch\\\/fr\\\/#website\"},\"primaryImageOfPage\":{\"@id\":\"https:\\\/\\\/riclima.ch\\\/fr\\\/prodotto\\\/pro-w-crah\\\/#primaryimage\"},\"image\":{\"@id\":\"https:\\\/\\\/riclima.ch\\\/fr\\\/prodotto\\\/pro-w-crah\\\/#primaryimage\"},\"thumbnailUrl\":\"https:\\\/\\\/riclima.ch\\\/wp-content\\\/uploads\\\/2025\\\/03\\\/DAIKIN-UTA-PRO-W-CRAH.png\",\"datePublished\":\"2025-01-24T08:13:15+00:00\",\"dateModified\":\"2025-03-24T14:42:29+00:00\",\"breadcrumb\":{\"@id\":\"https:\\\/\\\/riclima.ch\\\/fr\\\/prodotto\\\/pro-w-crah\\\/#breadcrumb\"},\"inLanguage\":\"fr-FR\",\"potentialAction\":[{\"@type\":\"ReadAction\",\"target\":[\"https:\\\/\\\/riclima.ch\\\/fr\\\/prodotto\\\/pro-w-crah\\\/\"]}]},{\"@type\":\"ImageObject\",\"inLanguage\":\"fr-FR\",\"@id\":\"https:\\\/\\\/riclima.ch\\\/fr\\\/prodotto\\\/pro-w-crah\\\/#primaryimage\",\"url\":\"https:\\\/\\\/riclima.ch\\\/wp-content\\\/uploads\\\/2025\\\/03\\\/DAIKIN-UTA-PRO-W-CRAH.png\",\"contentUrl\":\"https:\\\/\\\/riclima.ch\\\/wp-content\\\/uploads\\\/2025\\\/03\\\/DAIKIN-UTA-PRO-W-CRAH.png\",\"width\":3840,\"height\":2160,\"caption\":\"DAIKIN UTA PRO-W CRAH\"},{\"@type\":\"BreadcrumbList\",\"@id\":\"https:\\\/\\\/riclima.ch\\\/fr\\\/prodotto\\\/pro-w-crah\\\/#breadcrumb\",\"itemListElement\":[{\"@type\":\"ListItem\",\"position\":1,\"name\":\"Home\",\"item\":\"https:\\\/\\\/riclima.ch\\\/fr\\\/\"},{\"@type\":\"ListItem\",\"position\":2,\"name\":\"Prodotti\",\"item\":\"https:\\\/\\\/riclima.ch\\\/fr\\\/prodotti\\\/\"},{\"@type\":\"ListItem\",\"position\":3,\"name\":\"Pro-W CRAH\"}]},{\"@type\":\"WebSite\",\"@id\":\"https:\\\/\\\/riclima.ch\\\/fr\\\/#website\",\"url\":\"https:\\\/\\\/riclima.ch\\\/fr\\\/\",\"name\":\"Riclima\",\"description\":\"\",\"potentialAction\":[{\"@type\":\"SearchAction\",\"target\":{\"@type\":\"EntryPoint\",\"urlTemplate\":\"https:\\\/\\\/riclima.ch\\\/fr\\\/?s={search_term_string}\"},\"query-input\":{\"@type\":\"PropertyValueSpecification\",\"valueRequired\":true,\"valueName\":\"search_term_string\"}}],\"inLanguage\":\"fr-FR\"}]}<\/script>\n<!-- \/ Yoast SEO plugin. -->","yoast_head_json":{"title":"Pro-W CRAH - Riclima","robots":{"index":"index","follow":"follow","max-snippet":"max-snippet:-1","max-image-preview":"max-image-preview:large","max-video-preview":"max-video-preview:-1"},"canonical":"https:\/\/riclima.ch\/fr\/prodotto\/pro-w-crah\/","og_locale":"fr_FR","og_type":"article","og_title":"Pro-W CRAH - Riclima","og_description":"Unit\u00e9s de traitement d&rsquo;air d&rsquo;une puissance de 200 \u00e0 700 kW, id\u00e9ales pour le refroidissement de grands syst\u00e8mes, de centres de donn\u00e9es et d&rsquo;autres installations critiques. Daikin Pro-W CRAH est con\u00e7u pour optimiser l&rsquo;indice PUE (\u00ab Power Usage Effectiveness \u00bb) ; int\u00e8gre des ventilateurs EC pour un flux d&rsquo;air optimis\u00e9 et une consommation r\u00e9duite. La [&hellip;]","og_url":"https:\/\/riclima.ch\/fr\/prodotto\/pro-w-crah\/","og_site_name":"Riclima","article_modified_time":"2025-03-24T14:42:29+00:00","og_image":[{"width":1024,"height":576,"url":"https:\/\/riclima.ch\/wp-content\/uploads\/2025\/03\/DAIKIN-UTA-PRO-W-CRAH-1024x576.png","type":"image\/png"}],"schema":{"@context":"https:\/\/schema.org","@graph":[{"@type":"WebPage","@id":"https:\/\/riclima.ch\/fr\/prodotto\/pro-w-crah\/","url":"https:\/\/riclima.ch\/fr\/prodotto\/pro-w-crah\/","name":"Pro-W CRAH - Riclima","isPartOf":{"@id":"https:\/\/riclima.ch\/fr\/#website"},"primaryImageOfPage":{"@id":"https:\/\/riclima.ch\/fr\/prodotto\/pro-w-crah\/#primaryimage"},"image":{"@id":"https:\/\/riclima.ch\/fr\/prodotto\/pro-w-crah\/#primaryimage"},"thumbnailUrl":"https:\/\/riclima.ch\/wp-content\/uploads\/2025\/03\/DAIKIN-UTA-PRO-W-CRAH.png","datePublished":"2025-01-24T08:13:15+00:00","dateModified":"2025-03-24T14:42:29+00:00","breadcrumb":{"@id":"https:\/\/riclima.ch\/fr\/prodotto\/pro-w-crah\/#breadcrumb"},"inLanguage":"fr-FR","potentialAction":[{"@type":"ReadAction","target":["https:\/\/riclima.ch\/fr\/prodotto\/pro-w-crah\/"]}]},{"@type":"ImageObject","inLanguage":"fr-FR","@id":"https:\/\/riclima.ch\/fr\/prodotto\/pro-w-crah\/#primaryimage","url":"https:\/\/riclima.ch\/wp-content\/uploads\/2025\/03\/DAIKIN-UTA-PRO-W-CRAH.png","contentUrl":"https:\/\/riclima.ch\/wp-content\/uploads\/2025\/03\/DAIKIN-UTA-PRO-W-CRAH.png","width":3840,"height":2160,"caption":"DAIKIN UTA PRO-W CRAH"},{"@type":"BreadcrumbList","@id":"https:\/\/riclima.ch\/fr\/prodotto\/pro-w-crah\/#breadcrumb","itemListElement":[{"@type":"ListItem","position":1,"name":"Home","item":"https:\/\/riclima.ch\/fr\/"},{"@type":"ListItem","position":2,"name":"Prodotti","item":"https:\/\/riclima.ch\/fr\/prodotti\/"},{"@type":"ListItem","position":3,"name":"Pro-W CRAH"}]},{"@type":"WebSite","@id":"https:\/\/riclima.ch\/fr\/#website","url":"https:\/\/riclima.ch\/fr\/","name":"Riclima","description":"","potentialAction":[{"@type":"SearchAction","target":{"@type":"EntryPoint","urlTemplate":"https:\/\/riclima.ch\/fr\/?s={search_term_string}"},"query-input":{"@type":"PropertyValueSpecification","valueRequired":true,"valueName":"search_term_string"}}],"inLanguage":"fr-FR"}]}},"_links":{"self":[{"href":"https:\/\/riclima.ch\/fr\/wp-json\/wp\/v2\/prodotto\/8217","targetHints":{"allow":["GET"]}}],"collection":[{"href":"https:\/\/riclima.ch\/fr\/wp-json\/wp\/v2\/prodotto"}],"about":[{"href":"https:\/\/riclima.ch\/fr\/wp-json\/wp\/v2\/types\/prodotto"}],"wp:featuredmedia":[{"embeddable":true,"href":"https:\/\/riclima.ch\/fr\/wp-json\/wp\/v2\/media\/7966"}],"wp:attachment":[{"href":"https:\/\/riclima.ch\/fr\/wp-json\/wp\/v2\/media?parent=8217"}],"wp:term":[{"taxonomy":"categoria-prodotto","embeddable":true,"href":"https:\/\/riclima.ch\/fr\/wp-json\/wp\/v2\/categoria-prodotto?post=8217"}],"curies":[{"name":"wp","href":"https:\/\/api.w.org\/{rel}","templated":true}]}}